{"id":174,"date":"2026-04-28T20:43:26","date_gmt":"2026-04-28T18:43:26","guid":{"rendered":"http:\/\/localhost:8080\/?page_id=174"},"modified":"2026-04-28T20:52:53","modified_gmt":"2026-04-28T18:52:53","slug":"lequipe-educative","status":"publish","type":"page","link":"https:\/\/service0.cs.dev.schirm.fr\/?page_id=174","title":{"rendered":"L&rsquo;\u00e9quipe \u00e9ducative"},"content":{"rendered":"\n<h2 data-wp-context---core-fit-text=\"core\/fit-text::{&quot;fontSize&quot;:&quot;&quot;}\" data-wp-init---core-fit-text=\"core\/fit-text::callbacks.init\" data-wp-interactive data-wp-style--font-size=\"core\/fit-text::context.fontSize\" class=\"wp-block-heading has-fit-text\">Une \u00e9quipe qui accueille avant d&rsquo;enseigner<\/h2>\n\n\n\n<p>\u00c0 R\u00eav\u2019Ailes, l\u2019\u00e9quipe \u00e9ducative est choisie pour ses comp\u00e9tences\u2026 mais aussi pour sa mani\u00e8re d\u2019\u00eatre.<br>Nous sommes des professionnels qui savent \u00e9couter, observer, ajuster. Des adultes qui croient en chaque enfant, m\u00eame quand lui n\u2019y croit plus.<\/p>\n\n\n\n<hr class=\"wp-block-separator has-alpha-channel-opacity\"\/>\n\n\n\n<h2 data-wp-context---core-fit-text=\"core\/fit-text::{&quot;fontSize&quot;:&quot;&quot;}\" data-wp-init---core-fit-text=\"core\/fit-text::callbacks.init\" data-wp-interactive data-wp-style--font-size=\"core\/fit-text::context.fontSize\" class=\"wp-block-heading has-fit-text\">Des parcours compl\u00e9mentaires, une vision commune<\/h2>\n\n\n\n<p>Notre \u00e9quipe r\u00e9unit<br>&#8211; des enseignants form\u00e9s aux p\u00e9dagogies actives et \u00e0 l\u2019inclusion<br>&#8211; des professionnels sp\u00e9cialis\u00e9s dans les besoins \u00e9ducatifs particuliers<br>&#8211; des accompagnants attentifs au bien-\u00eatre, au rythme et aux \u00e9motions<br>&#8211; des personnes engag\u00e9es dans une relation de confiance avec les familles<br>Chaque membre apporte sa sensibilit\u00e9, son expertise, et une m\u00eame conviction :l\u2019enfant progresse quand il se sent en s\u00e9curit\u00e9, reconnu et accompagn\u00e9.<\/p>\n\n\n\n<hr class=\"wp-block-separator has-alpha-channel-opacity\"\/>\n\n\n\n<h2 data-wp-context---core-fit-text=\"core\/fit-text::{&quot;fontSize&quot;:&quot;&quot;}\" data-wp-init---core-fit-text=\"core\/fit-text::callbacks.init\" data-wp-interactive data-wp-style--font-size=\"core\/fit-text::context.fontSize\" class=\"wp-block-heading has-fit-text\">Composition de notre \u00e9quipe<\/h2>\n\n\n\n<div style=\"height:10px\" aria-hidden=\"true\" class=\"wp-block-spacer\"><\/div>\n\n\n\n<div class=\"wp-block-group is-layout-grid wp-container-core-group-is-layout-b757edec wp-block-group-is-layout-grid\">\n<div class=\"wp-block-media-text is-stacked-on-mobile is-vertically-aligned-center\" style=\"grid-template-columns:35% auto\"><figure class=\"wp-block-media-text__media\"><img loading=\"lazy\" decoding=\"async\" width=\"250\" height=\"248\" src=\"https:\/\/service0.cs.dev.schirm.fr\/wp-content\/uploads\/2026\/04\/intervenant.png\" alt=\"\" class=\"wp-image-179 size-full\" srcset=\"https:\/\/service0.cs.dev.schirm.fr\/wp-content\/uploads\/2026\/04\/intervenant.png 250w, https:\/\/service0.cs.dev.schirm.fr\/wp-content\/uploads\/2026\/04\/intervenant-150x150.png 150w\" sizes=\"auto, (max-width: 250px) 100vw, 250px\" \/><\/figure><div class=\"wp-block-media-text__content\">\n<h5 class=\"wp-block-heading\">Enseignement des mati\u00e8res scientifiques et technologie \u2013 cycle 4<\/h5>\n\n\n\n<p>Fondatrice de l\u2019\u00e9cole, titulaire d\u2019un master de sciences.<\/p>\n<\/div><\/div>\n\n\n\n<div class=\"wp-block-media-text is-stacked-on-mobile is-vertically-aligned-center wp-container-content-5e2576f9\" style=\"grid-template-columns:35% auto\"><figure class=\"wp-block-media-text__media\"><img loading=\"lazy\" decoding=\"async\" width=\"250\" height=\"248\" src=\"https:\/\/service0.cs.dev.schirm.fr\/wp-content\/uploads\/2026\/04\/intervenant.png\" alt=\"\" class=\"wp-image-179 size-full\" srcset=\"https:\/\/service0.cs.dev.schirm.fr\/wp-content\/uploads\/2026\/04\/intervenant.png 250w, https:\/\/service0.cs.dev.schirm.fr\/wp-content\/uploads\/2026\/04\/intervenant-150x150.png 150w\" sizes=\"auto, (max-width: 250px) 100vw, 250px\" \/><\/figure><div class=\"wp-block-media-text__content\">\n<h5 class=\"wp-block-heading\">Enseignement Fran\u00e7ais \u2013 cycle 4<\/h5>\n\n\n\n<p>Intervenant externe sous contrat avec l\u2019\u00e9cole<\/p>\n<\/div><\/div>\n<\/div>\n\n\n\n<div class=\"wp-block-group is-layout-grid wp-container-core-group-is-layout-b757edec wp-block-group-is-layout-grid\">\n<div class=\"wp-block-media-text is-stacked-on-mobile is-vertically-aligned-center\" style=\"grid-template-columns:35% auto\"><figure class=\"wp-block-media-text__media\"><img loading=\"lazy\" decoding=\"async\" width=\"250\" height=\"248\" src=\"https:\/\/service0.cs.dev.schirm.fr\/wp-content\/uploads\/2026\/04\/intervenant.png\" alt=\"\" class=\"wp-image-179 size-full\" srcset=\"https:\/\/service0.cs.dev.schirm.fr\/wp-content\/uploads\/2026\/04\/intervenant.png 250w, https:\/\/service0.cs.dev.schirm.fr\/wp-content\/uploads\/2026\/04\/intervenant-150x150.png 150w\" sizes=\"auto, (max-width: 250px) 100vw, 250px\" \/><\/figure><div class=\"wp-block-media-text__content\">\n<h5 class=\"wp-block-heading\">Enseignement \u2013 cycle 3<\/h5>\n\n\n\n<p>Enseignante sp\u00e9cialis\u00e9e 20 ans d\u2019exp\u00e9rience en enseignement \u00e0 l\u2019\u00e9cole primaire.<\/p>\n<\/div><\/div>\n\n\n\n<div class=\"wp-block-media-text is-stacked-on-mobile is-vertically-aligned-center wp-container-content-5e2576f9\" style=\"grid-template-columns:35% auto\"><figure class=\"wp-block-media-text__media\"><img loading=\"lazy\" decoding=\"async\" width=\"250\" height=\"248\" src=\"https:\/\/service0.cs.dev.schirm.fr\/wp-content\/uploads\/2026\/04\/intervenant.png\" alt=\"\" class=\"wp-image-179 size-full\" srcset=\"https:\/\/service0.cs.dev.schirm.fr\/wp-content\/uploads\/2026\/04\/intervenant.png 250w, https:\/\/service0.cs.dev.schirm.fr\/wp-content\/uploads\/2026\/04\/intervenant-150x150.png 150w\" sizes=\"auto, (max-width: 250px) 100vw, 250px\" \/><\/figure><div class=\"wp-block-media-text__content\">\n<h5 class=\"wp-block-heading\">Enseignant sport adapt\u00e9 \u2013 cycle 3 &amp; 4<\/h5>\n\n\n\n<p>Intervenant externe sous contrat avec l\u2019\u00e9cole.<br>Sp\u00e9cialis\u00e9 en activit\u00e9 physique adapt\u00e9e.<\/p>\n<\/div><\/div>\n<\/div>\n\n\n\n<div class=\"wp-block-group is-layout-grid wp-container-core-group-is-layout-b757edec wp-block-group-is-layout-grid\">\n<div class=\"wp-block-media-text is-stacked-on-mobile is-vertically-aligned-center\" style=\"grid-template-columns:35% auto\"><figure class=\"wp-block-media-text__media\"><img loading=\"lazy\" decoding=\"async\" width=\"250\" height=\"248\" src=\"https:\/\/service0.cs.dev.schirm.fr\/wp-content\/uploads\/2026\/04\/intervenant.png\" alt=\"\" class=\"wp-image-179 size-full\" srcset=\"https:\/\/service0.cs.dev.schirm.fr\/wp-content\/uploads\/2026\/04\/intervenant.png 250w, https:\/\/service0.cs.dev.schirm.fr\/wp-content\/uploads\/2026\/04\/intervenant-150x150.png 150w\" sizes=\"auto, (max-width: 250px) 100vw, 250px\" \/><\/figure><div class=\"wp-block-media-text__content\">\n<h5 class=\"wp-block-heading\">Enseignement Histoire G\u00e9ographie \u2013 cycle 4<\/h5>\n\n\n\n<p>Intervenante externe sous contrat avec l\u2019\u00e9cole<\/p>\n<\/div><\/div>\n\n\n\n<div class=\"wp-block-media-text is-stacked-on-mobile is-vertically-aligned-center wp-container-content-5e2576f9\" style=\"grid-template-columns:35% auto\"><figure class=\"wp-block-media-text__media\"><img loading=\"lazy\" decoding=\"async\" width=\"250\" height=\"248\" src=\"https:\/\/service0.cs.dev.schirm.fr\/wp-content\/uploads\/2026\/04\/intervenant.png\" alt=\"\" class=\"wp-image-179 size-full\" srcset=\"https:\/\/service0.cs.dev.schirm.fr\/wp-content\/uploads\/2026\/04\/intervenant.png 250w, https:\/\/service0.cs.dev.schirm.fr\/wp-content\/uploads\/2026\/04\/intervenant-150x150.png 150w\" sizes=\"auto, (max-width: 250px) 100vw, 250px\" \/><\/figure><div class=\"wp-block-media-text__content\">\n<h5 class=\"wp-block-heading\">Enseignement Arts \u2013 cycle 4<\/h5>\n\n\n\n<p>Intervenante externe sous contrat avec l\u2019\u00e9cole<\/p>\n<\/div><\/div>\n<\/div>\n\n\n\n<div class=\"wp-block-group is-layout-grid wp-container-core-group-is-layout-b757edec wp-block-group-is-layout-grid\">\n<div class=\"wp-block-media-text is-stacked-on-mobile is-vertically-aligned-center\" style=\"grid-template-columns:35% auto\"><figure class=\"wp-block-media-text__media\"><img loading=\"lazy\" decoding=\"async\" width=\"250\" height=\"248\" src=\"https:\/\/service0.cs.dev.schirm.fr\/wp-content\/uploads\/2026\/04\/intervenant.png\" alt=\"\" class=\"wp-image-179 size-full\" srcset=\"https:\/\/service0.cs.dev.schirm.fr\/wp-content\/uploads\/2026\/04\/intervenant.png 250w, https:\/\/service0.cs.dev.schirm.fr\/wp-content\/uploads\/2026\/04\/intervenant-150x150.png 150w\" sizes=\"auto, (max-width: 250px) 100vw, 250px\" \/><\/figure><div class=\"wp-block-media-text__content\">\n<h5 class=\"wp-block-heading\">Enseignement Anglais \u2013 cycle 4<\/h5>\n\n\n\n<p>Intervenante externe sous contrat avec l\u2019\u00e9cole<\/p>\n<\/div><\/div>\n<\/div>\n\n\n\n<p><\/p>\n","protected":false},"excerpt":{"rendered":"<p>Une \u00e9quipe qui accueille avant d&rsquo;enseigner \u00c0 R\u00eav\u2019Ailes, l\u2019\u00e9quipe \u00e9ducative est choisie pour ses comp\u00e9tences\u2026 mais aussi pour sa mani\u00e8re d\u2019\u00eatre.Nous sommes des professionnels qui savent \u00e9couter, observer, ajuster. Des adultes qui croient en chaque enfant, m\u00eame quand lui n\u2019y croit plus. Des parcours compl\u00e9mentaires, une vision commune Notre \u00e9quipe r\u00e9unit&#8211; des enseignants form\u00e9s aux [&hellip;]<\/p>\n","protected":false},"author":1,"featured_media":0,"parent":0,"menu_order":0,"comment_status":"closed","ping_status":"closed","template":"","meta":{"footnotes":""},"class_list":["post-174","page","type-page","status-publish","hentry"],"_links":{"self":[{"href":"https:\/\/service0.cs.dev.schirm.fr\/index.php?rest_route=\/wp\/v2\/pages\/174","targetHints":{"allow":["GET"]}}],"collection":[{"href":"https:\/\/service0.cs.dev.schirm.fr\/index.php?rest_route=\/wp\/v2\/pages"}],"about":[{"href":"https:\/\/service0.cs.dev.schirm.fr\/index.php?rest_route=\/wp\/v2\/types\/page"}],"author":[{"embeddable":true,"href":"https:\/\/service0.cs.dev.schirm.fr\/index.php?rest_route=\/wp\/v2\/users\/1"}],"replies":[{"embeddable":true,"href":"https:\/\/service0.cs.dev.schirm.fr\/index.php?rest_route=%2Fwp%2Fv2%2Fcomments&post=174"}],"version-history":[{"count":9,"href":"https:\/\/service0.cs.dev.schirm.fr\/index.php?rest_route=\/wp\/v2\/pages\/174\/revisions"}],"predecessor-version":[{"id":185,"href":"https:\/\/service0.cs.dev.schirm.fr\/index.php?rest_route=\/wp\/v2\/pages\/174\/revisions\/185"}],"wp:attachment":[{"href":"https:\/\/service0.cs.dev.schirm.fr\/index.php?rest_route=%2Fwp%2Fv2%2Fmedia&parent=174"}],"curies":[{"name":"wp","href":"https:\/\/api.w.org\/{rel}","templated":true}]}}